{"id":2423,"date":"2021-03-20T15:15:40","date_gmt":"2021-03-20T14:15:40","guid":{"rendered":"https:\/\/camille-lorenz.com\/?page_id=2423"},"modified":"2023-06-19T11:47:17","modified_gmt":"2023-06-19T09:47:17","slug":"protection-des-donnees","status":"publish","type":"page","link":"https:\/\/camille-lorenz.com\/fr\/protection-des-donnees\/","title":{"rendered":"Protection des donn\u00e9es"},"content":{"rendered":"\n<p><strong>PROTECTION DES DONN\u00c9ES<\/strong><\/p>\n\n\n\n<ol class=\"wp-block-list\" type=\"1\">\n<li><strong>La protection des donn\u00e9es en un clin d\u2018oeil<\/strong><\/li>\n<\/ol>\n\n\n\n<p>Remarques g\u00e9n\u00e9rales<\/p>\n\n\n\n<p>Les information ssuivantes donnent un aper\u04abu simple de ce qu\u2019il advient de vos donn\u00e9es personnelles lorsque vous visitez ce site web. Les donn\u00e9es personnelles sont toutes les donn\u00e9es qui permettent de vous identifier personnellement. Pour des informations plus d\u00e9taill\u00e9es sur la protection des donn\u00e9es, veuillez vous r\u00e9f\u00e9rer \u00e0 notre d\u00e9claration de protection des donn\u00e9es figurant ci-dessous.<\/p>\n\n\n\n<p>Collecte des donn\u00e9es sur ce site web<\/p>\n\n\n\n<p><strong>Qui est responsable de la collecte des donn\u00e9es sur ce site web ?<\/strong><\/p>\n\n\n\n<p>Le traitement des donn\u00e9es sur ce site web est effectu\u00e9 par l&rsquo;exploitant du site web. Vous trouverez ses coordonn\u00e9es dans les mentions l\u00e9gales de ce site web.<\/p>\n\n\n\n<p><strong>Comment recueillons-nous vos donn\u00e9es ?<\/strong><\/p>\n\n\n\n<p>Vos donn\u00e9es sont collect\u00e9es, d&rsquo;une part, lorsque vous nous les communiquez. Il peut s&rsquo;agir par exemple de donn\u00e9es que vous saisissez dans un formulaire de contact.<\/p>\n\n\n\n<p>D&rsquo;autres donn\u00e9es sont automatiquement collect\u00e9es par nos syst\u00e8mes informatiques lors de la visite du site web. Il s&rsquo;agit principalement de donn\u00e9es techniques (par exemple le navigateur internet, le syst\u00e8me d&rsquo;exploitation ou l&rsquo;heure de consultation de la page). La saisie de ces donn\u00e9es s&rsquo;effectue automatiquement d\u00e8s que vous acc\u00e9dez \u00e0 notre site web.<\/p>\n\n\n\n<p><strong>A quoi servent vos donn\u00e9es ?<\/strong><\/p>\n\n\n\n<p>Une partie des donn\u00e9es est collect\u00e9e pour assurer la fourniture sans erreur du site web. D\u2019autres donn\u00e9es peuvent \u00eatre utilis\u00e9es pour analyser votre comportement d\u2019utilisateur.<br><br><\/p>\n\n\n\n<p><strong>Quels sont vos droits concernant vos donn\u00e9es ?<\/strong><\/p>\n\n\n\n<p>Vous avez le droit de recevoir gratuitement et \u00e0 tout moment des informations sur l\u2019origine, le destinataire et la finalit\u00e9 de vos donn\u00e9es personnelles stock\u00e9es. Vous avez \u00e9galement le droit de demander \u00e0 ce que ces donn\u00e9es soient corrig\u00e9es ou supprim\u00e9es. Si vous avez donn\u00e9 votre accord pour le traitement des donn\u00e9es, vous pouvez r\u00e9voquer cet accord \u00e0 tout moment pour le futur. Vous avez \u00e9galement le droit de demander la restriction du traitement de vos donn\u00e9s personnnelles dans certaines circonstances. En outre, vous avez le droit de d\u00e9poser une plainte aupr\u00e8s de l\u2019autorit\u00e9 de surveillance comp\u00e9tente.<\/p>\n\n\n\n<p>Dans ce but, ainsi que pour toute autre question relative \u00e0 la protection des donn\u00e9es, vous pouvez nous contacter \u00e0 tout moment \u00e0 l\u2019adresse indiqu\u00e9e dans les mentions l\u00e9gales.<\/p>\n\n\n\n<ul class=\"wp-block-list\">\n<li><strong>Informations g\u00e9n\u00e9rales et informations obligatoires<\/strong><\/li>\n<\/ul>\n\n\n\n<p>Protection des donn\u00e9es<\/p>\n\n\n\n<p>Les exploitants de ce site web prennent la protection de vos donn\u00e9es personnelles tr\u00e8s au s\u00e9rieux. Nous traitons vos donn\u00e9es personnelles de mani\u00e8re confidentielle et conform\u00e9ment aux r\u00e8glementations l\u00e9gales en mati\u00e8re de protection des donn\u00e9es et \u00e0 la pr\u00e9sente d\u00e9claration de protection des donn\u00e9es.<br><br><\/p>\n\n\n\n<p>Lorsque vous utilisez ce site web, diverses donn\u00e9es personnelles sont collect\u00e9es. Les donn\u00e9es personnelles sont des donn\u00e9es avec lesquelles vous pouvez \u00eatre personnellement identifi\u00e9. Cette d\u00e9claration de protection des donn\u00e9es explique quelles donn\u00e9es nous collectons et ce \u00e0 quoi nous les utilisons. Elle explique \u00e9galement comment et dans quel but cela est fait.<\/p>\n\n\n\n<p>Nous attirons votre attention sur le fait que la transmission de donn\u00e9es sur internet (par exemple lors de la communication par e-mail) peut pr\u00e9senter des failles de s\u00e9curit\u00e9. Une protection totale des donn\u00e9es contre l\u2019acc\u00e8s par des tiers n\u2019est pas possible.<\/p>\n\n\n\n<p>La personne responsable du traitement des donn\u00e9es sur ce site web est:<\/p>\n\n\n\n<p>Camille Lorenz<\/p>\n\n\n\n<p>Feldbergstra\u00dfe 5<\/p>\n\n\n\n<p>65830 Kriftel<\/p>\n\n\n\n<p>T\u00e9l\u00e9phone: +49 160 354 17 22<\/p>\n\n\n\n<p>E-Mail: mail@camille-lorenz.com<\/p>\n\n\n\n<p><em>L\u2019organisme responsable est la personne physique ou morale qui, seule ou conjointement avec d\u2019autres, d\u00e9cide des finalit\u00e9s et des moyens de traitement des donn\u00e9es \u00e0 caract\u00e8re personnel (par exemple noms, adresses e-mail, etc.)<\/em><\/p>\n\n\n\n<p>R\u00e9vocation de votre consentement au traitement des donn\u00e9es<\/p>\n\n\n\n<p>De nombreuses op\u00e9rations de traitement des donn\u00e9es ne sont possibles qu\u2019avec votre consentement expr\u00e8s. Vous pouvez r\u00e9voquer \u00e0 tout moment un consentement d\u00e9j\u00e0 donn\u00e9. Dans ce but, une communication informelle par e-mail \u00e0 notre intention est suffisante. La l\u00e9galit\u00e9 du traitement des donn\u00e9es effectu\u00e9 jusqu\u2019\u00e0 la r\u00e9vocation n\u2019est pas affect\u00e9e par la r\u00e9vocation.<\/p>\n\n\n\n<p><strong>Droit d\u2019opposition \u00e0 la collecte des donn\u00e9es dans des cas particuliers et \u00e0 la publicit\u00e9 directe. (Art. 21 RGPD)<\/strong><\/p>\n\n\n\n<p>Si le traitement des donn\u00e9es est effectu\u00e9 sur la base de l\u2019art. 6 Abs. 1 lit. e ou f RGPD, vous avez le droit de vous opposer \u00e0 tout moment au traitement de vos donn\u00e9es personnelles pour des raisons d\u00e9coulant de votre situation particuli\u00e8re; ceci s\u2019applique \u00e9galement au profilage bas\u00e9 sur ces dispositions. La base juridique respective sur laquelle le traitement est fond\u00e9 se trouve dans la pr\u00e9sente d\u00e9claration de protection des donn\u00e9es. Si vous vous y opposez, nous ne traiterons plus vos donn\u00e9es \u00e0 caract\u00e8re personnel, \u00e0 moins que nous ne puissions d\u00e9montrer des motifs l\u00e9gitimes imp\u00e9rieux pour le traitement qui pr\u00e9valent sur vos int\u00e9r\u00eats, droits et libert\u00e9s, ou que le traitement vise \u00e0 faire valoir, exercer ou d\u00e9fendre des droits l\u00e9gaux (Objection en vertu de l\u2019article 21, paragraphe 1, RGPD).<\/p>\n\n\n\n<p>Si vos donn\u00e9es personnelles sont trait\u00e9es \u00e0 des fins de marketing direct, vous avez le droit de vous opposer \u00e0 tout moment au traitement des donn\u00e9es personnelles vous concernant \u00e0 des fins de marketing direct; ceci s\u2019applique \u00e9galement au profilage dans la mesure o\u00f9 il est li\u00e9 \u00e0 ce marketing direct. Si vous vous y opposez, vos donn\u00e9es personnelles ne seront plus utilis\u00e9es par la suite \u00e0 des fins de marketing direct (opposition en vertu de l\u2019article 21, al. 2 RGPD)<\/p>\n\n\n\n<p>Droit de recours aupr\u00e8s de l\u2019autorit\u00e9 de surveillance comp\u00e9tente<\/p>\n\n\n\n<p>En cas de violation du RGPD, les personnes concern\u00e9es disposent d\u2019un droit de recours aupr\u00e8s d\u2019une autorit\u00e9 de contr\u00f4le, notamment dans l\u2019Etat membre de leur r\u00e9sidence habituelle, de leur lieu de travail ou du lieu de la violation pr\u00e9sum\u00e9e. Le droit de recours est sans pr\u00e9judice de tout autre recours administratif ou judiciaire.<\/p>\n\n\n\n<p>Vous avez le droit d\u2019obtenir que les donn\u00e9es que nous traitons automatiquement sur la base de votre consentement ou en ex\u00e9cution d\u2019un contrat vous soient transmises ou soient transmises \u00e0 un tiers dans un format commun lisible par machine. Si vous demandez le transfert direct des donn\u00e9es \u00e0 un autre responsable du traitement, cela ne sera fait que dans la mesure o\u00f9 cela est techniquement possible.<\/p>\n\n\n\n<p>SSL-bzw. TLS-Verschl\u00fcsselung<\/p>\n\n\n\n<p>Ce site utilise le cryptage SSL ou TLS pour des raisons de s\u00e9curit\u00e9 et pour prot\u00e9ger la transmission de contenus confidentiels, tels que les commandes ou les demandes que vous nous envoyez en tant qu\u2019op\u00e9rateur du site. Vous pouvez reconna\u00eetre une connexion crypt\u00e9e par le fait que la ligne d\u2019adresse du navigateur passe de \u201ehttp:\/\/\u201c auf \u201ehttps:\/\/\u201c et par le symbole du cadenas dans la ligne de votre navigateur.<\/p>\n\n\n\n<p>Si le cryptage SSL ou TLS est enclench\u00e9, les donn\u00e9es que vous nous transmettez ne peuvent pas \u00eatre lues par des tiers.<\/p>\n\n\n\n<p>Information, suppression et correction<\/p>\n\n\n\n<p>Dans le cadre des dispositions l\u00e9gales en vigueur, vous avez \u00e0 tout moment le droit d&rsquo;obtenir gratuitement des informations sur vos donn\u00e9es personnelles enregistr\u00e9es, leur origine et leur destinataire ainsi que sur la finalit\u00e9 du traitement des donn\u00e9es et, le cas \u00e9ch\u00e9ant, un droit de rectification, de blocage ou de suppression de ces donn\u00e9es. Pour cela, ainsi que pour toute autre question relative aux donn\u00e9es personnelles, vous pouvez nous contacter \u00e0 tout moment \u00e0 l&rsquo;adresse indiqu\u00e9e dans les mentions l\u00e9gales<\/p>\n\n\n\n<p>Recht auf Einschr\u00e4nkung der Verarbeitung<\/p>\n\n\n\n<p>Vous avez le droit de demander la limitation du traitement de vos donn\u00e9es personnelles. Pour ce faire, vous pouvez nous contacter \u00e0 tout moment \u00e0 l&rsquo;adresse indiqu\u00e9e dans les mentions l\u00e9gales. Le droit \u00e0 la limitation du traitement existe dans les cas suivants :<\/p>\n\n\n\n<ul class=\"wp-block-list\">\n<li>Si vous contestez l&rsquo;exactitude de vos donn\u00e9es personnelles enregistr\u00e9es chez nous, nous avons g\u00e9n\u00e9ralement besoin de temps pour le v\u00e9rifier. Pendant la dur\u00e9e de la v\u00e9rification, vous avez le droit d&rsquo;exiger la limitation du traitement de vos donn\u00e9es \u00e0 caract\u00e8re personnel.<\/li>\n\n\n\n<li>Si le traitement de vos donn\u00e9es \u00e0 caract\u00e8re personnel s&rsquo;est produit\/se produit de mani\u00e8re illicite, vous pouvez demander la limitation du traitement des donn\u00e9es au lieu de leur effacement.<\/li>\n\n\n\n<li>Si nous n&rsquo;avons plus besoin de vos donn\u00e9es \u00e0 caract\u00e8re personnel, mais que vous en avez besoin pour exercer, d\u00e9fendre ou faire valoir des droits l\u00e9gaux, vous avez le droit d&rsquo;exiger la limitation du traitement de vos donn\u00e9es \u00e0 caract\u00e8re personnel au lieu de leur effacement.<\/li>\n\n\n\n<li>Si vous avez fait opposition conform\u00e9ment \u00e0 l&rsquo;article 21, paragraphe 1, du RGPD, une mise en balance de vos int\u00e9r\u00eats et des n\u00f4tres doit \u00eatre effectu\u00e9e. Tant qu&rsquo;il n&rsquo;a pas \u00e9t\u00e9 d\u00e9termin\u00e9 quels int\u00e9r\u00eats pr\u00e9valent, vous avez le droit d&rsquo;exiger la limitation du traitement de vos donn\u00e9es \u00e0 caract\u00e8re personnel.<\/li>\n<\/ul>\n\n\n\n<p>Si vous avez limit\u00e9 le traitement de vos donn\u00e9es \u00e0 caract\u00e8re personnel, ces donn\u00e9es ne peuvent &#8211; \u00e0 l&rsquo;exception de leur conservation &#8211; \u00eatre trait\u00e9es qu&rsquo;avec votre consentement ou pour la constatation, l&rsquo;exercice ou la d\u00e9fense de droits en justice ou pour la protection des droits d&rsquo;une autre personne physique ou morale, ou encore pour un motif d&rsquo;int\u00e9r\u00eat public important de l&rsquo;Union europ\u00e9enne ou d&rsquo;un \u00c9tat membre.<\/p>\n\n\n\n<p><\/p>\n\n\n\n<ul class=\"wp-block-list\">\n<li><strong>Datenerfassung auf unserer Website<\/strong><\/li>\n<\/ul>\n\n\n\n<p><\/p>\n\n\n\n<p>Fichiers Log du server<\/p>\n\n\n\n<p>Le fournisseur des pages collecte et enregistre automatiquement des informations dans ce que l&rsquo;on appelle des fichiers journaux du serveur, que votre navigateur nous transmet automatiquement. Ces informations sont les suivantes :<\/p>\n\n\n\n<p>Type et version du navigateur syst\u00e8me d&rsquo;exploitation utilis\u00e9 Referrer URL<\/p>\n\n\n\n<p>Nom d&rsquo;h\u00f4te de l&rsquo;ordinateur acc\u00e9dant, heure de la demande du serveur<\/p>\n\n\n\n<p>Adresse IP<\/p>\n\n\n\n<p>Nous ne proc\u00e9dons pas \u00e0 un regroupement de ces donn\u00e9es avec d&rsquo;autres sources de donn\u00e9es.<\/p>\n\n\n\n<p>La collecte de ces donn\u00e9es s&rsquo;effectue sur la base de l&rsquo;article 6, paragraphe 1, point f) du RGPD. L&rsquo;exploitant du site web a un int\u00e9r\u00eat l\u00e9gitime \u00e0 ce que son site web soit pr\u00e9sent\u00e9 sans erreur technique et \u00e0 ce qu&rsquo;il soit optimis\u00e9 &#8211; \u00e0 cet effet, les fichiers journaux du serveur doivent \u00eatre collect\u00e9s.<\/p>\n\n\n\n<p><\/p>\n\n\n\n<p>Demande par E-Mail, T\u00e9l\u00e9phone ou Telefax<\/p>\n\n\n\n<p>Si vous nous contactez par e-mail, t\u00e9l\u00e9phone ou fax, votre demande, y compris toutes les donn\u00e9es personnelles qui en d\u00e9coulent (nom, demande), sera enregistr\u00e9e et trait\u00e9e par nos soins dans le but de traiter votre demande. Nous ne transmettons pas ces donn\u00e9es sans votre consentement.<\/p>\n\n\n\n<p>Le traitement de ces donn\u00e9es est fond\u00e9 sur l&rsquo;article 6, paragraphe 1, point b), du RGPD, dans la mesure o\u00f9 votre demande est li\u00e9e \u00e0 l&rsquo;ex\u00e9cution d&rsquo;un contrat ou est n\u00e9cessaire \u00e0 l&rsquo;ex\u00e9cution de mesures pr\u00e9contractuelles. Dans tous les autres cas, le traitement est fond\u00e9 sur votre consentement (article 6, paragraphe 1, point a), du RGPD) et\/ou sur nos int\u00e9r\u00eats l\u00e9gitimes (article 6, paragraphe 1, point f), du RGPD), car nous avons un int\u00e9r\u00eat l\u00e9gitime \u00e0 traiter efficacement les demandes qui nous sont adress\u00e9es.<\/p>\n\n\n\n<p>Les donn\u00e9es que vous nous avez envoy\u00e9es par le biais de demandes de contact restent chez nous jusqu&rsquo;\u00e0 ce que vous nous demandiez de les supprimer, que vous r\u00e9voquiez votre consentement \u00e0 leur stockage ou que le but du stockage des donn\u00e9es devienne caduc (par exemple apr\u00e8s le traitement de votre demande). Les dispositions l\u00e9gales contraignantes &#8211; en particulier les d\u00e9lais de conservation l\u00e9gaux &#8211; ne sont pas affect\u00e9es.<\/p>\n\n\n\n<p><\/p>\n\n\n\n<p><strong>4. Informations concernant les, r\u00e9unions en ligne, conf\u00e9rences t\u00e9l\u00e9phoniques et visioconf\u00e9rences par \u201eZoom\u201c (ci-apr\u00e8s d\u00e9nomm\u00e9 \u201er\u00e9unions en ligne\u201c).<\/strong><\/p>\n\n\n\n<p>Nous souhaitons vous informer ci-dessous sur le traitement des donn\u00e9es \u00e0 caract\u00e8re personnel dans le cadre de l\u2019utilisation de \u201eZoom\u201c. La plateforme de visioconf\u00e9rence \u201ezoom\u201c est utilis\u00e9e par Camille Lorenz pour organiser des r\u00e9unions en ligne et\/ou des webinaires. \u201eZoom\u201c est un service de Zoom Video Communications, Inc. dont le si\u00e8ge social se trouve aux Etats-Unis.<\/p>\n\n\n\n<h2 class=\"wp-block-heading\">Responsable:<\/h2>\n\n\n\n<p>La personne responsable du traitement des donn\u00e9es, directement li\u00e9 \u00e0 des \u201ere\u00fanions en ligne\u201c est Camille Lorenz.<\/p>\n\n\n\n<p>Dans la mesure o\u00f9 vous consultez la page Internet de \u00ab\u00a0Zoom\u00a0\u00bb, le fournisseur de \u00ab\u00a0Zoom\u00a0\u00bb est responsable du traitement des donn\u00e9es. L&rsquo;appel du site Internet n&rsquo;est toutefois n\u00e9cessaire pour l&rsquo;utilisation de \u00ab\u00a0Zoom\u00a0\u00bb que si vous t\u00e9l\u00e9chargez le logiciel pour votre terminal respectif pour l&rsquo;utilisation de \u00ab\u00a0Zoom\u00a0\u00bb. Si vous ne souhaitez pas ou ne pouvez pas utiliser les applications du logiciel \u00ab\u00a0Zoom\u00a0\u00bb, les fonctions de base sont \u00e9galement disponibles via une version du navigateur.<\/p>\n\n\n\n<h2 class=\"wp-block-heading\">&nbsp;<\/h2>\n\n\n\n<ul class=\"wp-block-list\">\n<li><strong>Quelles donn\u00e9es sont trait\u00e9es?<\/strong><\/li>\n<\/ul>\n\n\n\n<p>Lors de l&rsquo;utilisation de \u00ab\u00a0Zoom\u00a0\u00bb, diff\u00e9rents types de donn\u00e9es sont trait\u00e9s. L&rsquo;\u00e9tendue des donn\u00e9es d\u00e9pend \u00e9galement des informations que vous fournissez avant ou lors de la participation \u00e0 une \u00ab\u00a0r\u00e9union en ligne\u00a0\u00bb. Les donn\u00e9es personnelles suivantes font l\u2019objet d\u2019un traitement:<\/p>\n\n\n\n<ul class=\"wp-block-list\">\n<li>Informations sur l&rsquo;utilisateur : pr\u00e9nom, nom, t\u00e9l\u00e9phone (facultatif), photo de profil (facultatif), service (facultatif).<\/li>\n\n\n\n<li>M\u00e9tadonn\u00e9es de la r\u00e9union : sujet, description (facultatif), adresses IP des participants, informations sur les appareils\/mat\u00e9riels.<\/li>\n\n\n\n<li>En cas de connexion par t\u00e9l\u00e9phone : indication du num\u00e9ro d&rsquo;appel entrant et sortant, nom du pays, heure de d\u00e9but et de fin. Le cas \u00e9ch\u00e9ant, d&rsquo;autres donn\u00e9es de connexion peuvent \u00eatre enregistr\u00e9es, comme par exemple l&rsquo;adresse IP de l&rsquo;appareil.<\/li>\n\n\n\n<li>Donn\u00e9es textuelles, audio et vid\u00e9o : vous avez \u00e9ventuellement la possibilit\u00e9 d&rsquo;utiliser les fonctions de chat, de questions ou de sondage dans une \u00ab\u00a0r\u00e9union en ligne\u00a0\u00bb. Dans cette mesure, les textes que vous saisissez sont trait\u00e9s afin de les afficher dans la \u00ab\u00a0r\u00e9union en ligne\u00a0\u00bb et, le cas \u00e9ch\u00e9ant, de les consigner. Pour permettre l&rsquo;affichage de la vid\u00e9o et la lecture de l&rsquo;audio, les donn\u00e9es du microphone de votre terminal ainsi que celles d&rsquo;une \u00e9ventuelle cam\u00e9ra vid\u00e9o du terminal sont trait\u00e9es en cons\u00e9quence pendant la dur\u00e9e de la r\u00e9union. Vous pouvez \u00e0 tout moment d\u00e9sactiver ou couper le son de la cam\u00e9ra ou du microphone via les applications \u00ab\u00a0Zoom\u00a0\u00bb.<\/li>\n\n\n\n<li>Pour participer \u00e0 une \u00ab\u00a0r\u00e9union en ligne\u00a0\u00bb ou pour entrer dans la \u00ab\u00a0salle de r\u00e9union\u00a0\u00bb, vous devez au moins fournir des informations sur votre nom.<\/li>\n\n\n\n<li><strong>Enregistrements:<\/strong><\/li>\n<\/ul>\n\n\n\n<p>Les visioconf\u00e9rences, conf\u00e9rences t\u00e9l\u00e9phoniques et r\u00e9unions en ligne par zoom ne seront pas enregistr\u00e9es. Il vous est \u00e9galement interdit \u00e0 vous en tant que participant, d\u2019enregistrer ces r\u00e9unions en ligne de quelque mani\u00e8re que ce soit.<\/p>\n\n\n\n<p>Vous trouverez les informations d\u00e9taill\u00e9es sur la protection des donn\u00e9es selon le RGPD sur notre site web <a href=\"https:\/\/www.camille-lorenz.com\/\">www.camille-lorenz.com<\/a>.<\/p>\n","protected":false},"excerpt":{"rendered":"<p>PROTECTION DES DONN\u00c9ES Remarques g\u00e9n\u00e9rales Les information ssuivantes donnent un aper\u04abu simple de ce qu\u2019il advient de vos donn\u00e9es personnelles lorsque vous visitez ce site web. Les donn\u00e9es personnelles sont &#8230; <\/p>\n<div><a href=\"https:\/\/camille-lorenz.com\/fr\/protection-des-donnees\/\" class=\"more-link\">Read More<\/a><\/div>\n","protected":false},"author":1,"featured_media":0,"parent":0,"menu_order":0,"comment_status":"closed","ping_status":"closed","template":"template-blank-1.php","meta":{"footnotes":""},"class_list":["post-2423","page","type-page","status-publish","hentry","no-post-thumbnail"],"_links":{"self":[{"href":"https:\/\/camille-lorenz.com\/fr\/wp-json\/wp\/v2\/pages\/2423","targetHints":{"allow":["GET"]}}],"collection":[{"href":"https:\/\/camille-lorenz.com\/fr\/wp-json\/wp\/v2\/pages"}],"about":[{"href":"https:\/\/camille-lorenz.com\/fr\/wp-json\/wp\/v2\/types\/page"}],"author":[{"embeddable":true,"href":"https:\/\/camille-lorenz.com\/fr\/wp-json\/wp\/v2\/users\/1"}],"replies":[{"embeddable":true,"href":"https:\/\/camille-lorenz.com\/fr\/wp-json\/wp\/v2\/comments?post=2423"}],"version-history":[{"count":3,"href":"https:\/\/camille-lorenz.com\/fr\/wp-json\/wp\/v2\/pages\/2423\/revisions"}],"predecessor-version":[{"id":2532,"href":"https:\/\/camille-lorenz.com\/fr\/wp-json\/wp\/v2\/pages\/2423\/revisions\/2532"}],"wp:attachment":[{"href":"https:\/\/camille-lorenz.com\/fr\/wp-json\/wp\/v2\/media?parent=2423"}],"curies":[{"name":"wp","href":"https:\/\/api.w.org\/{rel}","templated":true}]}}